{"version":"1.0","provider_name":"African MMA League","provider_url":"https:\/\/aml-ci.com\/en","author_name":"lamine","author_url":"https:\/\/aml-ci.com\/en\/author\/lamine\/","title":"IMMAF : Cinq athl\u00e8tes ivoiriens \u00e0 Luanda - African MMA League","type":"rich","width":600,"height":338,"html":"<blockquote class=\"wp-embedded-content\" data-secret=\"YHbFmkLNEt\"><a href=\"https:\/\/aml-ci.com\/en\/immaf-cinq-athletes-ivoiriens-a-luanda\/\">IMMAF : Cinq athl\u00e8tes ivoiriens \u00e0 Luanda<\/a><\/blockquote><iframe sandbox=\"allow-scripts\" security=\"restricted\" src=\"https:\/\/aml-ci.com\/en\/immaf-cinq-athletes-ivoiriens-a-luanda\/embed\/#?secret=YHbFmkLNEt\" width=\"600\" height=\"338\" title=\"&#8220;IMMAF : Cinq athl\u00e8tes ivoiriens \u00e0 Luanda&#8221; &#8212; African MMA League\" data-secret=\"YHbFmkLNEt\" frameborder=\"0\" marginwidth=\"0\" marginheight=\"0\" scrolling=\"no\" class=\"wp-embedded-content\"><\/iframe><script>\n\/*! This file is auto-generated *\/\n!function(d,l){\"use strict\";l.querySelector&&d.addEventListener&&\"undefined\"!=typeof URL&&(d.wp=d.wp||{},d.wp.receiveEmbedMessage||(d.wp.receiveEmbedMessage=function(e){var t=e.data;if((t||t.secret||t.message||t.value)&&!\/[^a-zA-Z0-9]\/.test(t.secret)){for(var s,r,n,a=l.querySelectorAll('iframe[data-secret=\"'+t.secret+'\"]'),o=l.querySelectorAll('blockquote[data-secret=\"'+t.secret+'\"]'),c=new RegExp(\"^https?:$\",\"i\"),i=0;i<o.length;i++)o[i].style.display=\"none\";for(i=0;i<a.length;i++)s=a[i],e.source===s.contentWindow&&(s.removeAttribute(\"style\"),\"height\"===t.message?(1e3<(r=parseInt(t.value,10))?r=1e3:~~r<200&&(r=200),s.height=r):\"link\"===t.message&&(r=new URL(s.getAttribute(\"src\")),n=new URL(t.value),c.test(n.protocol))&&n.host===r.host&&l.activeElement===s&&(d.top.location.href=t.value))}},d.addEventListener(\"message\",d.wp.receiveEmbedMessage,!1),l.addEventListener(\"DOMContentLoaded\",function(){for(var e,t,s=l.querySelectorAll(\"iframe.wp-embedded-content\"),r=0;r<s.length;r++)(t=(e=s[r]).getAttribute(\"data-secret\"))||(t=Math.random().toString(36).substring(2,12),e.src+=\"#?secret=\"+t,e.setAttribute(\"data-secret\",t)),e.contentWindow.postMessage({message:\"ready\",secret:t},\"*\")},!1)))}(window,document);\n<\/script>","thumbnail_url":"https:\/\/aml-ci.com\/wp-content\/uploads\/2026\/03\/FGD.jpg","thumbnail_width":650,"thumbnail_height":415,"description":"Cinq athl\u00e8tes ivoiriens ont \u00e9t\u00e9 s\u00e9lectionn\u00e9s pour repr\u00e9senter la C\u00f4te d\u2019Ivoire au Championnat d\u2019Afrique 2026 de l\u2019International Mixed Martial Arts Federation (IMMAF), pr\u00e9vu du 13 au 19 avril \u00e0 Luanda, en Angola. https:\/\/www.sport-ivoire.ci\/autres-sports-arts-martiaux\/immaf-cinq-athl%C3%A8tes-ivoiriens-%C3%A0-luanda"}